{"id":221,"date":"2025-01-17T17:15:38","date_gmt":"2025-01-17T16:15:38","guid":{"rendered":"http:\/\/localhost:8888\/fd-businessday\/faqs\/"},"modified":"2025-02-07T10:44:00","modified_gmt":"2025-02-07T09:44:00","slug":"faqs","status":"publish","type":"page","link":"https:\/\/ai-business-day.org\/fr\/faqs\/","title":{"rendered":"FAQ"},"content":{"rendered":"\r\n<section \r\n        id=\"ac-block_c53955415f46d80e10d146c202401acd\" \r\n    class=\"spacing size-50\"\r\n    >\r\n<\/section>\r\n\n\n\r\n<section id=\"ac-block_6078fba060f79c211cc6d1bafb4f1dd8\" class=\"block-faq\">\r\n\r\n    <div class=\"container\">\r\n        <h1 class=\"title\"><p>FAQ<\/p>\n<\/h1>\r\n                    <h2 class=\"subtitle\"><p>Tout ce que vous devez savoir<\/p>\n<\/h2>\r\n        \r\n        <div class=\"items\">\r\n                        <div class=\"item active\">\r\n                <div class=\"question\">\r\n                    <h3 class=\"question-title\">Qu\u2019est-ce que le Business Day ?<\/h3>\r\n                    <button>&#8211;<\/button>\r\n                <\/div>\r\n\r\n                <div class=\"answer\">\r\n                    <div class=\"content\">\r\n                        <p>Les 10 et 11 f\u00e9vrier 2025, la France accueillera le Sommet pour l&rsquo;action sur l&rsquo;intelligence artificielle (IA). Dans ce cadre, une journ\u00e9e, intitul\u00e9e \u00ab Business Day \u00bb rassemblera les acteurs \u00e9conomiques fran\u00e7ais et internationaux le 11 f\u00e9vrier \u00e0 Station F, afin de mettre en avant les opportunit\u00e9s offertes par l\u2019intelligence artificielle pour le d\u00e9veloppement et la transformation des entreprises. Cette journ\u00e9e sera l\u2019occasion de r\u00e9unir les grands acteurs internationaux de l\u2019intelligence artificielle et l\u2019\u00e9cosyst\u00e8me tech fran\u00e7ais.<\/p>\n<p>Partie int\u00e9grante du programme de la Semaine pour l\u2019action sur l\u2019IA, cette journ\u00e9e rassemblera en un m\u00eame lieu des initiatives port\u00e9es par quatre acteurs majeurs de l\u2019\u00e9cosyst\u00e8me tech fran\u00e7ais : Bpifrance, France Digitale, Numeum, Station F. Elle impliquera \u00e9galement une douzaine d\u2019associations sectorielles fran\u00e7aises et europ\u00e9ennes ainsi qu\u2019une dizaine de partenaires internationaux. Le Business Day est organis\u00e9 avec le soutien de la Direction g\u00e9n\u00e9rale des Entreprises, en particulier de la Mission French Tech.<\/p>\n                    <\/div>\r\n                <\/div>\r\n            <\/div>\r\n                        <div class=\"item \">\r\n                <div class=\"question\">\r\n                    <h3 class=\"question-title\">Quelle est la langue du Business Day ?<\/h3>\r\n                    <button>&#8211;<\/button>\r\n                <\/div>\r\n\r\n                <div class=\"answer\">\r\n                    <div class=\"content\">\r\n                        <p>La langue privil\u00e9gi\u00e9e pour l\u2019\u00e9v\u00e8nement sera l\u2019anglais.<\/p>\n                    <\/div>\r\n                <\/div>\r\n            <\/div>\r\n                        <div class=\"item \">\r\n                <div class=\"question\">\r\n                    <h3 class=\"question-title\">Comment puis-je participer \u00e0 l\u2019\u00e9v\u00e8nement ?<\/h3>\r\n                    <button>&#8211;<\/button>\r\n                <\/div>\r\n\r\n                <div class=\"answer\">\r\n                    <div class=\"content\">\r\n                        <p>1\/ Sur invitation personnelle de l\u2019un des partenaires officiels du Business Day que vous devez d\u00e9j\u00e0 avoir re\u00e7u. <strong><span class=\"notion-enable-hover\" data-token-index=\"0\">Notez que l\u2019\u00e9v\u00e9nement est complet.<\/span><\/strong><!-- notionvc: 1c181e49-c7c5-4782-9354-852114f1ec84 --><\/p>\n<p>2\/ En visionnant depuis chez vous les conf\u00e9rences qui se d\u00e9rouleront sur la Master Stage. <a class=\"notion-link-token notion-focusable-token notion-enable-hover\" tabindex=\"0\" href=\"https:\/\/www.youtube.com\/@BusinessDay-AIActionSummit\" rel=\"noopener noreferrer\" data-token-index=\"1\"><span class=\"link-annotation-unknown-block-id--1745324291\">Rendez-vous sur notre cha\u00eene Youtube Mardi<\/span><\/a>.<!-- notionvc: bab4f49a-55b7-445c-b3bc-75f547be1efb --><\/p>\n                    <\/div>\r\n                <\/div>\r\n            <\/div>\r\n                        <div class=\"item \">\r\n                <div class=\"question\">\r\n                    <h3 class=\"question-title\">Quels sont les objets interdits ?<\/h3>\r\n                    <button>&#8211;<\/button>\r\n                <\/div>\r\n\r\n                <div class=\"answer\">\r\n                    <div class=\"content\">\r\n                        <p>Attention, les batteries de v\u00e9lo \u00e9lectriques, les trottinettes, les grosses valises ne seront pas accept\u00e9es sur l\u2019\u00e9v\u00e9nement. Dans la mesure du possible, merci de venir le moins charg\u00e9 possible pour faciliter votre entr\u00e9e et vos d\u00e9placements sur le lieu.<!-- notionvc: bb940c92-5d91-45b7-9c78-3eadccbcbe08 --><\/p>\n                    <\/div>\r\n                <\/div>\r\n            <\/div>\r\n                        <div class=\"item \">\r\n                <div class=\"question\">\r\n                    <h3 class=\"question-title\">Quels sont les documents requis pour acc\u00e9der \u00e0 l&rsquo;\u00e9v\u00e9nement ?<\/h3>\r\n                    <button>&#8211;<\/button>\r\n                <\/div>\r\n\r\n                <div class=\"answer\">\r\n                    <div class=\"content\">\r\n                        <p>N\u2019oubliez pas votre invitation ainsi qu\u2019une pi\u00e8ce d\u2019identit\u00e9 valide qui vous seront demand\u00e9s \u00e0 l\u2019entr\u00e9e.<\/p>\n                    <\/div>\r\n                <\/div>\r\n            <\/div>\r\n                        <div class=\"item \">\r\n                <div class=\"question\">\r\n                    <h3 class=\"question-title\">Transfert d\u2019invitation<\/h3>\r\n                    <button>&#8211;<\/button>\r\n                <\/div>\r\n\r\n                <div class=\"answer\">\r\n                    <div class=\"content\">\r\n                        <p>Aucun transfert d\u2019invitation ou \u00e9change ne sera possible dans le cas o\u00f9 vous ne pourriez pas assister \u00e0 l\u2019\u00e9v\u00e8nement.<\/p>\n                    <\/div>\r\n                <\/div>\r\n            <\/div>\r\n                        <div class=\"item \">\r\n                <div class=\"question\">\r\n                    <h3 class=\"question-title\">Acc\u00e9der \u00e0 l&rsquo;\u00e9v\u00e9nement<\/h3>\r\n                    <button>&#8211;<\/button>\r\n                <\/div>\r\n\r\n                <div class=\"answer\">\r\n                    <div class=\"content\">\r\n                        <p><strong>Horaires<\/strong><br \/>\n8:00 &#8211; 19:00<\/p>\n<p><strong>Le lieu<\/strong><br \/>\nStation F<br \/>\nParvis Alan Turing<br \/>\n75013 Paris<\/p>\n<p><strong>Acc\u00e8s PMR<\/strong><\/p>\n<p><strong>Venir en transports publics<\/strong><\/p>\n<ul>\n<li>Ligne 6 \u2013 Chevaleret<\/li>\n<li>Biblioth\u00e8que Fran\u00e7ois Mitterrand \u2013 Ligne 14<\/li>\n<li>RER C \u2013 Biblioth\u00e8que Fran\u00e7ois Mitterrand<\/li>\n<li>Bus 89 \u2013 Biblioth\u00e8que Nationale de France<\/li>\n<\/ul>\n<p>&nbsp;<\/p>\n<p><strong>Venir \u00e0 v\u00e9lo<\/strong><\/p>\n<p>Des stations de Velib\u2019 sont situ\u00e9es \u00e0 proximit\u00e9 :<\/p>\n<ul>\n<li>Station n\u00b013051 &#8211; Halle Freyssinet &#8211; Parvis Alan Turing<\/li>\n<li>Station n\u00b013049 &#8211; Vincent Auriol &#8211; Louise Weiss<\/li>\n<\/ul>\n<p>&nbsp;<\/p>\n<p><strong>Parking<\/strong><\/p>\n<p>Tolbiac-Biblioth\u00e8que, 23 rue Emile Durkheim \u2013 75013 Paris<\/p>\n                    <\/div>\r\n                <\/div>\r\n            <\/div>\r\n                        <div class=\"item \">\r\n                <div class=\"question\">\r\n                    <h3 class=\"question-title\">Comment me rep\u00e9rer sur place ?<\/h3>\r\n                    <button>&#8211;<\/button>\r\n                <\/div>\r\n\r\n                <div class=\"answer\">\r\n                    <div class=\"content\">\r\n                        <p>Vous pourrez vous rep\u00e9rer sur place gr\u00e2ce aux bornes interactives qui vous permettront de visualiser les diff\u00e9rents espaces et leur programmation.<\/p>\n<p>En compl\u00e9ment, un plan ainsi que le programme seront disponibles sur ce site, accessible tout au long de l\u2019\u00e9v\u00e9nement.<\/p>\n                    <\/div>\r\n                <\/div>\r\n            <\/div>\r\n                        <div class=\"item \">\r\n                <div class=\"question\">\r\n                    <h3 class=\"question-title\">Y aura-t-il un vestiaire sur le lieu de l\u2019\u00e9v\u00e8nement ?<\/h3>\r\n                    <button>&#8211;<\/button>\r\n                <\/div>\r\n\r\n                <div class=\"answer\">\r\n                    <div class=\"content\">\r\n                        <p>Vous pourrez d\u00e9poser vos affaires dans l\u2019un des vestiaires \u00e0 l\u2019entr\u00e9e de l\u2019\u00e9v\u00e8nement<br \/>\nVeuillez noter que vous ne pourrez pas acc\u00e9der \u00e0 l&rsquo;\u00e9v\u00e9nement avec des objets massifs tels qu\u2019un v\u00e9lo.<\/p>\n                    <\/div>\r\n                <\/div>\r\n            <\/div>\r\n                        <div class=\"item \">\r\n                <div class=\"question\">\r\n                    <h3 class=\"question-title\">Quelles sont les possibilit\u00e9s de restauration ?<\/h3>\r\n                    <button>&#8211;<\/button>\r\n                <\/div>\r\n\r\n                <div class=\"answer\">\r\n                    <div class=\"content\">\r\n                        <p>Des options de restauration payantes (food court) seront propos\u00e9es dans le cadre de l\u2019\u00e9v\u00e9nement.<br \/>\nDe l\u2019eau, du caf\u00e9 et du th\u00e9 seront en acc\u00e8s libre gratuitement tout au long de la journ\u00e9e.<\/p>\n                    <\/div>\r\n                <\/div>\r\n            <\/div>\r\n                        <div class=\"item \">\r\n                <div class=\"question\">\r\n                    <h3 class=\"question-title\">O\u00f9 recharger mon t\u00e9l\u00e9phone sur place ?<\/h3>\r\n                    <button>&#8211;<\/button>\r\n                <\/div>\r\n\r\n                <div class=\"answer\">\r\n                    <div class=\"content\">\r\n                        <p>Des bornes de recharge seront \u00e0 votre disposition pour recharger vos smartphones.<\/p>\n                    <\/div>\r\n                <\/div>\r\n            <\/div>\r\n                    <\/div>\r\n    <\/div>\r\n    \r\n<\/section>\r\n","protected":false},"excerpt":{"rendered":"","protected":false},"author":1,"featured_media":0,"parent":0,"menu_order":0,"comment_status":"closed","ping_status":"closed","template":"","meta":{"_acf_changed":false,"footnotes":""},"class_list":["post-221","page","type-page","status-publish","hentry"],"acf":[],"yoast_head":"<!-- This site is optimized with the Yoast SEO plugin v27.4 - https:\/\/yoast.com\/product\/yoast-seo-wordpress\/ -->\n<title>FAQ - Business Day AI Action Summit<\/title>\n<meta name=\"robots\" content=\"index, follow, max-snippet:-1, max-image-preview:large, max-video-preview:-1\" \/>\n<link rel=\"canonical\" href=\"https:\/\/ai-business-day.org\/fr\/faqs\/\" \/>\n<meta property=\"og:locale\" content=\"fr_FR\" \/>\n<meta property=\"og:type\" content=\"article\" \/>\n<meta property=\"og:title\" content=\"FAQ - Business Day AI Action Summit\" \/>\n<meta property=\"og:url\" content=\"https:\/\/ai-business-day.org\/fr\/faqs\/\" \/>\n<meta property=\"og:site_name\" content=\"Business Day AI Action Summit\" \/>\n<meta property=\"article:modified_time\" content=\"2025-02-07T09:44:00+00:00\" \/>\n<meta name=\"twitter:card\" content=\"summary_large_image\" \/>\n<script type=\"application\/ld+json\" class=\"yoast-schema-graph\">{\"@context\":\"https:\\\/\\\/schema.org\",\"@graph\":[{\"@type\":\"WebPage\",\"@id\":\"https:\\\/\\\/ai-business-day.org\\\/fr\\\/faqs\\\/\",\"url\":\"https:\\\/\\\/ai-business-day.org\\\/fr\\\/faqs\\\/\",\"name\":\"FAQ - Business Day AI Action Summit\",\"isPartOf\":{\"@id\":\"https:\\\/\\\/ai-business-day.org\\\/#website\"},\"datePublished\":\"2025-01-17T16:15:38+00:00\",\"dateModified\":\"2025-02-07T09:44:00+00:00\",\"breadcrumb\":{\"@id\":\"https:\\\/\\\/ai-business-day.org\\\/fr\\\/faqs\\\/#breadcrumb\"},\"inLanguage\":\"fr-FR\",\"potentialAction\":[{\"@type\":\"ReadAction\",\"target\":[\"https:\\\/\\\/ai-business-day.org\\\/fr\\\/faqs\\\/\"]}]},{\"@type\":\"BreadcrumbList\",\"@id\":\"https:\\\/\\\/ai-business-day.org\\\/fr\\\/faqs\\\/#breadcrumb\",\"itemListElement\":[{\"@type\":\"ListItem\",\"position\":1,\"name\":\"Home\",\"item\":\"https:\\\/\\\/ai-business-day.org\\\/fr\\\/\"},{\"@type\":\"ListItem\",\"position\":2,\"name\":\"FAQ\"}]},{\"@type\":\"WebSite\",\"@id\":\"https:\\\/\\\/ai-business-day.org\\\/#website\",\"url\":\"https:\\\/\\\/ai-business-day.org\\\/\",\"name\":\"Business Day AI Action Summit\",\"description\":\"\",\"potentialAction\":[{\"@type\":\"SearchAction\",\"target\":{\"@type\":\"EntryPoint\",\"urlTemplate\":\"https:\\\/\\\/ai-business-day.org\\\/?s={search_term_string}\"},\"query-input\":{\"@type\":\"PropertyValueSpecification\",\"valueRequired\":true,\"valueName\":\"search_term_string\"}}],\"inLanguage\":\"fr-FR\"}]}<\/script>\n<!-- \/ Yoast SEO plugin. -->","yoast_head_json":{"title":"FAQ - Business Day AI Action Summit","robots":{"index":"index","follow":"follow","max-snippet":"max-snippet:-1","max-image-preview":"max-image-preview:large","max-video-preview":"max-video-preview:-1"},"canonical":"https:\/\/ai-business-day.org\/fr\/faqs\/","og_locale":"fr_FR","og_type":"article","og_title":"FAQ - Business Day AI Action Summit","og_url":"https:\/\/ai-business-day.org\/fr\/faqs\/","og_site_name":"Business Day AI Action Summit","article_modified_time":"2025-02-07T09:44:00+00:00","twitter_card":"summary_large_image","schema":{"@context":"https:\/\/schema.org","@graph":[{"@type":"WebPage","@id":"https:\/\/ai-business-day.org\/fr\/faqs\/","url":"https:\/\/ai-business-day.org\/fr\/faqs\/","name":"FAQ - Business Day AI Action Summit","isPartOf":{"@id":"https:\/\/ai-business-day.org\/#website"},"datePublished":"2025-01-17T16:15:38+00:00","dateModified":"2025-02-07T09:44:00+00:00","breadcrumb":{"@id":"https:\/\/ai-business-day.org\/fr\/faqs\/#breadcrumb"},"inLanguage":"fr-FR","potentialAction":[{"@type":"ReadAction","target":["https:\/\/ai-business-day.org\/fr\/faqs\/"]}]},{"@type":"BreadcrumbList","@id":"https:\/\/ai-business-day.org\/fr\/faqs\/#breadcrumb","itemListElement":[{"@type":"ListItem","position":1,"name":"Home","item":"https:\/\/ai-business-day.org\/fr\/"},{"@type":"ListItem","position":2,"name":"FAQ"}]},{"@type":"WebSite","@id":"https:\/\/ai-business-day.org\/#website","url":"https:\/\/ai-business-day.org\/","name":"Business Day AI Action Summit","description":"","potentialAction":[{"@type":"SearchAction","target":{"@type":"EntryPoint","urlTemplate":"https:\/\/ai-business-day.org\/?s={search_term_string}"},"query-input":{"@type":"PropertyValueSpecification","valueRequired":true,"valueName":"search_term_string"}}],"inLanguage":"fr-FR"}]}},"_links":{"self":[{"href":"https:\/\/ai-business-day.org\/fr\/wp-json\/wp\/v2\/pages\/221","targetHints":{"allow":["GET"]}}],"collection":[{"href":"https:\/\/ai-business-day.org\/fr\/wp-json\/wp\/v2\/pages"}],"about":[{"href":"https:\/\/ai-business-day.org\/fr\/wp-json\/wp\/v2\/types\/page"}],"author":[{"embeddable":true,"href":"https:\/\/ai-business-day.org\/fr\/wp-json\/wp\/v2\/users\/1"}],"replies":[{"embeddable":true,"href":"https:\/\/ai-business-day.org\/fr\/wp-json\/wp\/v2\/comments?post=221"}],"version-history":[{"count":16,"href":"https:\/\/ai-business-day.org\/fr\/wp-json\/wp\/v2\/pages\/221\/revisions"}],"predecessor-version":[{"id":1299,"href":"https:\/\/ai-business-day.org\/fr\/wp-json\/wp\/v2\/pages\/221\/revisions\/1299"}],"wp:attachment":[{"href":"https:\/\/ai-business-day.org\/fr\/wp-json\/wp\/v2\/media?parent=221"}],"curies":[{"name":"wp","href":"https:\/\/api.w.org\/{rel}","templated":true}]}}